{"id":2,"date":"2025-01-23T22:47:44","date_gmt":"2025-01-23T21:47:44","guid":{"rendered":"https:\/\/prevrat.sk\/?page_id=2"},"modified":"2025-11-18T00:07:23","modified_gmt":"2025-11-17T23:07:23","slug":"ukazkova-stranka","status":"publish","type":"page","link":"https:\/\/prevrat.sk\/?page_id=2","title":{"rendered":"Na\u0161a \u0161kodn\u00e1:"},"content":{"rendered":"\n<p>JARKO DARCA V\u0160ETKEJ BOJASCHOPNEJ TECHNIKY:<\/p>\n\n\n\n<blockquote class=\"wp-block-quote is-layout-flow wp-block-quote-is-layout-flow\">\n<p>Fa\u0161ista, dezol\u00e1t, s\u00fadom potvrden\u00fd vlastizradca, \u013eudsk\u00fd odpad, primit\u00edv, \u0161pina, chud\u00e1k, hnoj, \u013eudsk\u00fd bastard, zmija, debil, imbecil. Slov\u00e1 z jeho slovn\u00edka, ktor\u00fdmi \u010dastuje ostatn\u00fdch, a predsa tak pr\u00edzna\u010dn\u00e9 pre t\u00fato \u00faboh\u00fa osobu. Zni\u010dil Slovensk\u00fa arm\u00e1du &#8211; daroval v\u0161etku bojaschopn\u00fa techniku Banderovsk\u00fdm ukrofa\u0161istom, patriacu do akt\u00edvnej v\u00fdzbroje na\u0161ej arm\u00e1dy a t\u00fdm ju \u00faplne paralyzoval.<\/p>\n<\/blockquote>\n\n\n\n<p>NEPODAREN\u00dd KANDID\u00c1T:<\/p>\n\n\n\n<blockquote class=\"wp-block-quote is-layout-flow wp-block-quote-is-layout-flow\">\n<p>Z\u00e1kern\u00fd protislovensk\u00fd \u010dlen rodinnej zberby vykr\u00e1daj\u00facej \u0161t\u00e1t cez mimovl\u00e1dky, financuj\u00facej pom\u00e4ten\u00fa narkomanku po\u0161klbuj\u00facu sa na p\u00f3di\u00e1ch oplzlosti, vlastizradca, Soro\u0161ov poskok, likvid\u00e1tor Slovenskej kult\u00fary, hrdosti, n\u00e1roda. Proti\u0161t\u00e1tny zmrd ba\u017eiaci po ob\u010dianskej vojne, rozvrate spolo\u010dnosti akt\u00edvne pracuj\u00faci na farebnej revol\u00facii, ktorou sa m\u00e1 za\u010da\u0165 likvid\u00e1cia n\u00e1\u0161ho n\u00e1roda.<\/p>\n<\/blockquote>\n\n\n\n<p>BANDA &#8222;PSYCHIATROV&#8220; podp\u00edsan\u00fdch pod pet\u00edciou:<\/p>\n\n\n\n<blockquote class=\"wp-block-quote is-layout-flow wp-block-quote-is-layout-flow\">\n<p>Psychiatri diagnostikovali na dia\u013eku a verejne rie\u0161ia nie\u010d\u00ed zdravotn\u00fd stav, \u010do je v rozpore so z\u00e1konom a Hippokratovou pr\u00edsahou. Nie je mo\u017en\u00e9, aby lek\u00e1r verejne \u010do len nazna\u010doval inform\u00e1cie o niekoho zdravotnom stave a vyu\u017e\u00edval to na tvrdenia o nesp\u00f4sobilosti vykon\u00e1va\u0165 jeho povolanie bez d\u00f4kladn\u00e9ho vy\u0161etrenia. Toto u\u017e nie s\u00fa lek\u00e1ri, spreneverili sa svojmu povolaniu a mala by ich rie\u0161i\u0165 stavovsk\u00e1 organiz\u00e1cia.<\/p>\n<\/blockquote>\n\n\n\n<p>SAMUEL MIGA\u013d:<\/p>\n\n\n\n<blockquote class=\"wp-block-quote is-layout-flow wp-block-quote-is-layout-flow\">\n<p>Jeden z najslizkej\u0161\u00edch vlastizradcov v\u00f4bec. Nedok\u00e1zal si ani vybudova\u0165 vlastn\u00fa kari\u00e9ru. Cez cudziu stranu sa dostal do politiky a nechal sa k\u00fapi\u0165 ako najlacnej\u0161ia dobroposkytovate\u013eka. Noty chod\u00ed bra\u0165 do Kyjeva, peniaze zasa opa\u010dn\u00fdm smerom. Tak\u00e9hoto zapredanca sme tu e\u0161te nemali.<\/p>\n<\/blockquote>\n\n\n\n<p>NEV\u010eA\u010cN\u00cd UKRAJINCI:<\/p>\n\n\n\n<blockquote class=\"wp-block-quote is-layout-flow wp-block-quote-is-layout-flow\">\n<p>Vl\u00e1da im hrad\u00ed v\u0161etky n\u00e1klady na \u017eivot bez toho, aby do n\u00e1\u0161ho syst\u00e9mu prispeli \u010do i len 1\u20ac. Ke\u010f im po rokoch pova\u013eovania sa prestala prepl\u00e1ca\u0165 ubytovanie, zrazu sa uk\u00e1zalo, \u017ee takmer v\u0161etci s\u00fa soci\u00e1lne pr\u00edpady, ber\u00fa d\u00e1vky a ke\u010f\u017ee ber\u00fa d\u00e1vky, maj\u00fa n\u00e1rok aj na\u010falej ma\u0165 prepl\u00e1can\u00e9 ubytovanie. Delia sa na 3 skupiny:<\/p>\n\n\n\n<p>  1) T\u00ed, \u010do tu pracuj\u00fa &#8211; v\u00e4\u010d\u0161inou na\u010dierno, ber\u00fa d\u00e1vky a maj\u00fa prepl\u00e1can\u00e9 ubytovanie.<\/p>\n\n\n\n<p>2) T\u00ed, \u010do nepracuj\u00fa, \u017eij\u00fa na UA, k\u013eudne sa na SK neuk\u00e1zali aj rok, nikde sa nemusia chodi\u0165 hl\u00e1si\u0165, maj\u00fa prepl\u00e1can\u00e9 ubytovanie a popri tom v\u0161etkom ved\u00fa druh\u00fd \u017eivot na UA, alebo \u010falej na z\u00e1pade.<\/p>\n\n\n\n<p>3) Vrchol hyenizmu s\u00fa tak\u00ed, \u010do rotuj\u00fa po EU, ber\u00fa d\u00e1vky vo viacer\u00fdch krajin\u00e1ch EU (osobne pozn\u00e1m tak\u00fdch, \u010do ber\u00fa na SK aj v PL), na\u0161e syst\u00e9my nie s\u00fa prepojen\u00e9, tak\u017ee za tie tri roky u\u017e celkom kr\u00e1\u013eovsky vykradli na\u0161e krajiny &#8211; ch\u00fa\u010fatk\u00e1 ukrofa\u0161istick\u00e9.<\/p>\n\n\n\n<p>Bodaj by ne\u0161li za tie prachy podporova\u0165 prevrat na Slovensku, ke\u010f im te\u010die do bagand\u017e\u00ed, \u010do dostali od charity.<\/p>\n<\/blockquote>\n\n\n\n<p>LOK\u00c1LNI ORGANIZ\u00c1TORI \u0160TRAJKOV:<\/p>\n\n\n\n<blockquote class=\"wp-block-quote is-layout-flow wp-block-quote-is-layout-flow\">\n<p>Neschopn\u00ed osobn\u00ed poloskrachovanci, ktor\u00ed svoju frustr\u00e1ciu z ne\u00faspe\u0161n\u00e9ho \u017eivota sa sna\u017eia pred svoj\u00edm okol\u00edm zakry\u0165 vy\u0165a\u017een\u00edm a nenahradite\u013enos\u0165ou v organiz\u00e1cii blaha n\u00e1roda &#8211; vlastizradn\u00fdmi \u0161trajkami. A\u017e p\u013euvance potomkov na ich hroboch uk\u00e1\u017eu, v ak\u00fd hnoj sa zmenila ich myse\u013e, ich \u00fasudok i nespr\u00e1vne pochopenie okolnost\u00ed. A\u017e n\u00e1sledne ods\u00fadenie ich najbli\u017e\u0161\u00edch, ke\u010f aj mal\u00e9 die\u0165a pochop\u00ed s\u00favislosti a t\u00edto skrachovanci zasa svoj omyl, a\u017e ke\u010f pochopia, na ktor\u00fa Pezinsk\u00fa skl\u00e1dku patria aj s jej patr\u00f3nkou, a\u017e potom im d\u00f4jde, za ak\u00fa podlos\u0165 ch\u00fa\u010fatk\u00e1 pom\u00e4ten\u00e9 bojovali.<\/p>\n<\/blockquote>\n\n\n\n<p>IGI TOPka:<\/p>\n\n\n\n<blockquote class=\"wp-block-quote is-layout-flow wp-block-quote-is-layout-flow\">\n<p>Psychopat, sociopat, da\u0148ov\u00fd podvodn\u00edk, nepodaren\u00fd minister financi\u00ed, ktor\u00e9ho pe\u0148a\u017eenku a pip\u00edka dr\u017e\u00ed jeho druh\u00e1 polovi\u010dka spolu so Soro\u0161om, proste op\u00e4\u0165 slov\u00e1 z jeho slovn\u00edka, ktor\u00fdmi \u010dastuje ostatn\u00fdch, a predsa tak pr\u00edzna\u010dn\u00e9 aj pre t\u00fato smutn\u00fa osobu. Protin\u00e1rodn\u00fd \u0161mejd, vlastizradca, menejcenn\u00fd provokat\u00e9r, zakomplexonan\u00fd ne\u00faspe\u0161n\u00fd smoliar pobehuj\u00faci po Chorv\u00e1tskych pl\u00e1\u017each, h\u013eadaj\u00faci senz\u00e1ciu.<\/p>\n<\/blockquote>\n\n\n\n<p>OZ Mier Ukrajine, OZ Za Slu\u0161n\u00e9 Slovensko, nad\u00e1cia Pontis, Platforma pre Demokraciu, Donio a \u010fal\u0161\u00ed &#8230; :<\/p>\n\n\n\n<blockquote class=\"wp-block-quote is-layout-flow wp-block-quote-is-layout-flow\">\n<p>Liahe\u0148 vlastizradcov ba\u017eiacich po rozvrate na\u0161ej krajiny, so zakrvaven\u00fdmi rukami nielen Kuciakovou krvou, profesion\u00e1lni organiz\u00e1tori prevratov, u\u010diaci sa zo strie\u013eania Gruz\u00ednskych snajperov do civiln\u00e9ho obyvate\u013estva na majdame 2014 na Ukrajine, za \u00fa\u010delom rozb\u00farenia v\u00e1\u0161n\u00ed. Je len ot\u00e1zkou \u010dasu, kedy aj na Slovensku bud\u00fa strie\u013ea\u0165 do ove\u010diek nahnan\u00fdch na na\u0161e n\u00e1mestia. U\u017e teraz \u010des\u0165 obetiam, ktor\u00e9 \u017eia\u013e neodvratne musia pr\u00eds\u0165 a smr\u0165 v\u0161etk\u00fdm t\u00fdm, ktor\u00ed za touto vlastizradou stoja.<\/p>\n<\/blockquote>\n\n\n\n<p>SIM?\u00c9\u010cKA FAMILY:<\/p>\n\n\n\n<blockquote class=\"wp-block-quote is-layout-flow wp-block-quote-is-layout-flow\">\n<p>Napriek tomu, \u017ee Mi\u0161ko mlad\u0161\u00ed je v tomto blogu, aj v dejin\u00e1ch SR, samostatn\u00e1 kapitola uk\u00e1\u017eky \u013eudskej \u00fabohosti, primitivizmu a toho najsmrad\u013eavej\u0161ieho hnoja vych\u00e1dzaj\u00faceho z jeho najhlb\u0161ej vn\u00fatornej podstaty skazenosti, \u0161pinavosti, \u00fabohosti a z\u00fafalosti z\u00e1rove\u0148, je tu e\u0161te nie\u010do o jednu \u00farove\u0148 vy\u0161\u0161ie &#8211; hor\u0161ie, zvr\u00e1tenej\u0161ie, oplzlej\u0161ie. Vrcholom skazy, vlastizrady a \u00fapadku n\u00e1\u0161ho n\u00e1roda je nie junior samotn\u00fd, ale skazen\u00e1 FAMILY komplet, mor\u00e1lna socka, total \u00faderka pospolu. T\u00edto liber\u00e1lni vrahovia na\u0161ej kult\u00fary, mor\u00e1lnych hodn\u00f4t za cel\u00fd ich zbabran\u00fd \u017eivot nevyprodukovali k\u00fasok dobra. Neust\u00e1le vyv\u00edjaj\u00fa protispolo\u010densk\u00fa, protin\u00e1rodn\u00fa, protirodinn\u00fa a protimor\u00e1lnu \u010dinnos\u0165. Toto je prav\u00e1 skuto\u010dn\u00e1 nebezpe\u010dn\u00e1 nakazen\u00e1 \u0161kodn\u00e1, ktorej treba dopria\u0165 to, \u010do jej re\u00e1lne patr\u00ed.<\/p>\n<\/blockquote>\n\n\n\n<p>\u010castovan\u00e1 bed\u00e1rka:<\/p>\n\n\n\n<blockquote class=\"wp-block-quote is-layout-flow wp-block-quote-is-layout-flow\">\n<p>Pom\u00e4ten\u00e1 pomocn\u00ed\u010dka zo skl\u00e1dky aktu\u00e1lne oce\u0148uj\u00faca americk\u00e9 obdarenia ako odmenu za mo\u017enos\u0165 varenia na dvojplatni\u010dke v chr\u00e1me mocichtiv\u00fdch \u0161mejdov. Pokazen\u00e1 teta kr\u00e1tkozrako te\u0161iaca sa zo svojho nepodaren\u00e9ho \u00faspechu nevydarenej polo\u0161\u00e9fkyn\u00e1roda, dosadenej zvr\u00e1ten\u00fdmn Soro\u0161om.<\/p>\n\n\n\n<p><\/p>\n<\/blockquote>\n","protected":false},"excerpt":{"rendered":"<p>JARKO DARCA V\u0160ETKEJ BOJASCHOPNEJ TECHNIKY: Fa\u0161ista, dezol\u00e1t, s\u00fadom potvrden\u00fd vlastizradca, \u013eudsk\u00fd odpad, primit\u00edv, \u0161pina, chud\u00e1k, hnoj, \u013eudsk\u00fd bastard, zmija, debil, imbecil. Slov\u00e1 z jeho slovn\u00edka, ktor\u00fdmi \u010dastuje ostatn\u00fdch, a predsa tak pr\u00edzna\u010dn\u00e9 pre t\u00fato \u00faboh\u00fa osobu. Zni\u010dil Slovensk\u00fa arm\u00e1du &#8211; daroval v\u0161etku bojaschopn\u00fa techniku Banderovsk\u00fdm ukrofa\u0161istom, patriacu do akt\u00edvnej v\u00fdzbroje na\u0161ej arm\u00e1dy a t\u00fdm ju [&hellip;]<\/p>\n","protected":false},"author":1,"featured_media":0,"parent":0,"menu_order":0,"comment_status":"closed","ping_status":"open","template":"","meta":{"_monsterinsights_skip_tracking":false,"_monsterinsights_sitenote_active":false,"_monsterinsights_sitenote_note":"","_monsterinsights_sitenote_category":0,"footnotes":""},"class_list":["post-2","page","type-page","status-publish","hentry"],"yoast_head":"<!-- This site is optimized with the Yoast SEO plugin v24.3 - https:\/\/yoast.com\/wordpress\/plugins\/seo\/ -->\n<title>Na\u0161a \u0161kodn\u00e1: - prevrat.sk<\/title>\n<meta name=\"robots\" content=\"index, follow, max-snippet:-1, max-image-preview:large, max-video-preview:-1\" \/>\n<link rel=\"canonical\" href=\"https:\/\/prevrat.sk\/?page_id=2\" \/>\n<meta property=\"og:locale\" content=\"sk_SK\" \/>\n<meta property=\"og:type\" content=\"article\" \/>\n<meta property=\"og:title\" content=\"Na\u0161a \u0161kodn\u00e1: - prevrat.sk\" \/>\n<meta property=\"og:description\" content=\"JARKO DARCA V\u0160ETKEJ BOJASCHOPNEJ TECHNIKY: Fa\u0161ista, dezol\u00e1t, s\u00fadom potvrden\u00fd vlastizradca, \u013eudsk\u00fd odpad, primit\u00edv, \u0161pina, chud\u00e1k, hnoj, \u013eudsk\u00fd bastard, zmija, debil, imbecil. Slov\u00e1 z jeho slovn\u00edka, ktor\u00fdmi \u010dastuje ostatn\u00fdch, a predsa tak pr\u00edzna\u010dn\u00e9 pre t\u00fato \u00faboh\u00fa osobu. Zni\u010dil Slovensk\u00fa arm\u00e1du &#8211; daroval v\u0161etku bojaschopn\u00fa techniku Banderovsk\u00fdm ukrofa\u0161istom, patriacu do akt\u00edvnej v\u00fdzbroje na\u0161ej arm\u00e1dy a t\u00fdm ju [&hellip;]\" \/>\n<meta property=\"og:url\" content=\"https:\/\/prevrat.sk\/?page_id=2\" \/>\n<meta property=\"og:site_name\" content=\"prevrat.sk\" \/>\n<meta property=\"article:modified_time\" content=\"2025-11-17T23:07:23+00:00\" \/>\n<meta name=\"twitter:card\" content=\"summary_large_image\" \/>\n<meta name=\"twitter:label1\" content=\"Predpokladan\u00fd \u010das \u010d\u00edtania\" \/>\n\t<meta name=\"twitter:data1\" content=\"1 min\u00fata\" \/>\n<script type=\"application\/ld+json\" class=\"yoast-schema-graph\">{\"@context\":\"https:\/\/schema.org\",\"@graph\":[{\"@type\":\"WebPage\",\"@id\":\"https:\/\/prevrat.sk\/?page_id=2\",\"url\":\"https:\/\/prevrat.sk\/?page_id=2\",\"name\":\"Na\u0161a \u0161kodn\u00e1: - prevrat.sk\",\"isPartOf\":{\"@id\":\"https:\/\/prevrat.sk\/#website\"},\"datePublished\":\"2025-01-23T21:47:44+00:00\",\"dateModified\":\"2025-11-17T23:07:23+00:00\",\"breadcrumb\":{\"@id\":\"https:\/\/prevrat.sk\/?page_id=2#breadcrumb\"},\"inLanguage\":\"sk-SK\",\"potentialAction\":[{\"@type\":\"ReadAction\",\"target\":[\"https:\/\/prevrat.sk\/?page_id=2\"]}]},{\"@type\":\"BreadcrumbList\",\"@id\":\"https:\/\/prevrat.sk\/?page_id=2#breadcrumb\",\"itemListElement\":[{\"@type\":\"ListItem\",\"position\":1,\"name\":\"Home\",\"item\":\"https:\/\/prevrat.sk\/\"},{\"@type\":\"ListItem\",\"position\":2,\"name\":\"Na\u0161a \u0161kodn\u00e1:\"}]},{\"@type\":\"WebSite\",\"@id\":\"https:\/\/prevrat.sk\/#website\",\"url\":\"https:\/\/prevrat.sk\/\",\"name\":\"prevrat.sk\",\"description\":\"\",\"potentialAction\":[{\"@type\":\"SearchAction\",\"target\":{\"@type\":\"EntryPoint\",\"urlTemplate\":\"https:\/\/prevrat.sk\/?s={search_term_string}\"},\"query-input\":{\"@type\":\"PropertyValueSpecification\",\"valueRequired\":true,\"valueName\":\"search_term_string\"}}],\"inLanguage\":\"sk-SK\"}]}<\/script>\n<!-- \/ Yoast SEO plugin. -->","yoast_head_json":{"title":"Na\u0161a \u0161kodn\u00e1: - prevrat.sk","robots":{"index":"index","follow":"follow","max-snippet":"max-snippet:-1","max-image-preview":"max-image-preview:large","max-video-preview":"max-video-preview:-1"},"canonical":"https:\/\/prevrat.sk\/?page_id=2","og_locale":"sk_SK","og_type":"article","og_title":"Na\u0161a \u0161kodn\u00e1: - prevrat.sk","og_description":"JARKO DARCA V\u0160ETKEJ BOJASCHOPNEJ TECHNIKY: Fa\u0161ista, dezol\u00e1t, s\u00fadom potvrden\u00fd vlastizradca, \u013eudsk\u00fd odpad, primit\u00edv, \u0161pina, chud\u00e1k, hnoj, \u013eudsk\u00fd bastard, zmija, debil, imbecil. Slov\u00e1 z jeho slovn\u00edka, ktor\u00fdmi \u010dastuje ostatn\u00fdch, a predsa tak pr\u00edzna\u010dn\u00e9 pre t\u00fato \u00faboh\u00fa osobu. Zni\u010dil Slovensk\u00fa arm\u00e1du &#8211; daroval v\u0161etku bojaschopn\u00fa techniku Banderovsk\u00fdm ukrofa\u0161istom, patriacu do akt\u00edvnej v\u00fdzbroje na\u0161ej arm\u00e1dy a t\u00fdm ju [&hellip;]","og_url":"https:\/\/prevrat.sk\/?page_id=2","og_site_name":"prevrat.sk","article_modified_time":"2025-11-17T23:07:23+00:00","twitter_card":"summary_large_image","twitter_misc":{"Predpokladan\u00fd \u010das \u010d\u00edtania":"1 min\u00fata"},"schema":{"@context":"https:\/\/schema.org","@graph":[{"@type":"WebPage","@id":"https:\/\/prevrat.sk\/?page_id=2","url":"https:\/\/prevrat.sk\/?page_id=2","name":"Na\u0161a \u0161kodn\u00e1: - prevrat.sk","isPartOf":{"@id":"https:\/\/prevrat.sk\/#website"},"datePublished":"2025-01-23T21:47:44+00:00","dateModified":"2025-11-17T23:07:23+00:00","breadcrumb":{"@id":"https:\/\/prevrat.sk\/?page_id=2#breadcrumb"},"inLanguage":"sk-SK","potentialAction":[{"@type":"ReadAction","target":["https:\/\/prevrat.sk\/?page_id=2"]}]},{"@type":"BreadcrumbList","@id":"https:\/\/prevrat.sk\/?page_id=2#breadcrumb","itemListElement":[{"@type":"ListItem","position":1,"name":"Home","item":"https:\/\/prevrat.sk\/"},{"@type":"ListItem","position":2,"name":"Na\u0161a \u0161kodn\u00e1:"}]},{"@type":"WebSite","@id":"https:\/\/prevrat.sk\/#website","url":"https:\/\/prevrat.sk\/","name":"prevrat.sk","description":"","potentialAction":[{"@type":"SearchAction","target":{"@type":"EntryPoint","urlTemplate":"https:\/\/prevrat.sk\/?s={search_term_string}"},"query-input":{"@type":"PropertyValueSpecification","valueRequired":true,"valueName":"search_term_string"}}],"inLanguage":"sk-SK"}]}},"_links":{"self":[{"href":"https:\/\/prevrat.sk\/index.php?rest_route=\/wp\/v2\/pages\/2","targetHints":{"allow":["GET"]}}],"collection":[{"href":"https:\/\/prevrat.sk\/index.php?rest_route=\/wp\/v2\/pages"}],"about":[{"href":"https:\/\/prevrat.sk\/index.php?rest_route=\/wp\/v2\/types\/page"}],"author":[{"embeddable":true,"href":"https:\/\/prevrat.sk\/index.php?rest_route=\/wp\/v2\/users\/1"}],"replies":[{"embeddable":true,"href":"https:\/\/prevrat.sk\/index.php?rest_route=%2Fwp%2Fv2%2Fcomments&post=2"}],"version-history":[{"count":6,"href":"https:\/\/prevrat.sk\/index.php?rest_route=\/wp\/v2\/pages\/2\/revisions"}],"predecessor-version":[{"id":91,"href":"https:\/\/prevrat.sk\/index.php?rest_route=\/wp\/v2\/pages\/2\/revisions\/91"}],"wp:attachment":[{"href":"https:\/\/prevrat.sk\/index.php?rest_route=%2Fwp%2Fv2%2Fmedia&parent=2"}],"curies":[{"name":"wp","href":"https:\/\/api.w.org\/{rel}","templated":true}]}}